{"id":38378,"date":"2024-12-10T13:57:40","date_gmt":"2024-12-10T16:57:40","guid":{"rendered":"https:\/\/memoriaferroviaria.assis.unesp.br\/colecoes\/?post_type=tnc_col_9388_item&#038;p=38378"},"modified":"2025-06-08T18:46:25","modified_gmt":"2025-06-08T21:46:25","slug":"identificacao-da-paisagem-industrial-ferroviaria-em-rio-claro-como-recurso-cultural-ao-turismo-sp","status":"publish","type":"tnc_col_9388_item","link":"https:\/\/memoriaferroviaria.assis.unesp.br\/colecoes\/colecao-producao-mf\/identificacao-da-paisagem-industrial-ferroviaria-em-rio-claro-como-recurso-cultural-ao-turismo-sp\/","title":{"rendered":"Identifica\u00e7\u00e3o da paisagem industrial ferrovi\u00e1ria em Rio Claro como recurso cultural ao Turismo &#8211; SP"},"content":{"rendered":"<p>Com a produ\u00e7\u00e3o de caf\u00e9 na regi\u00e3o de Rio Claro foi preciso construir meios de transportes que facilitassem o escoamento dos\u00a0gr\u00e3os, originando o sistema ferrovi\u00e1rio de Rio Claro, com estruturas que transformaram sua paisagem. Desse modo, este estudo\u00a0busca propor uma nova identifica\u00e7\u00e3o dos bens ferrovi\u00e1rios por meio do conceito de paisagem cultural como recursos culturais ao\u00a0Turismo. A fundamenta\u00e7\u00e3o foi realizada de modo te\u00f3rico em novas diretrizes patrimoniais internacionais, revis\u00e3o da literatura cr\u00edtica sobre prote\u00e7\u00e3o do patrim\u00f4nio e para e utiliza\u00e7\u00e3o dos bens culturais para fins tur\u00edsticos dos bens culturais. Para esse fim, foram coletadas informa\u00e7\u00f5es bibliogr\u00e1ficas, documentais, te\u00f3ricas e cartogr\u00e1ficas, realizado o levantamento dos elementos industriais em meio digital de base cartogr\u00e1fica e visita ao local. Em s\u00edntese, o resultado foi o levantamento dos elementos poss\u00edveis de an\u00e1lise do sistema ferrovi\u00e1rio para a interpreta\u00e7\u00e3o de uma nova perspectiva de prote\u00e7\u00e3o, respaldada no conceito da paisagem cultural, que visa uma breve discuss\u00e3o sobre a possibilidade de seu uso para o Turismo.<\/p>\n","protected":false},"featured_media":41862,"parent":0,"menu_order":0,"comment_status":"closed","ping_status":"closed","template":"","format":"standard","class_list":["post-38378","tnc_col_9388_item","type-tnc_col_9388_item","status-publish","format-standard","has-post-thumbnail","hentry","tnc_tax_37089-portugues","tnc_tax_23229-goncalves-ana-paula-marques","tnc_tax_23229-oliveira-eduardo-romero-de","tnc_tax_22577-paisagem-industrial","tnc_tax_22577-turismo"],"_links":{"self":[{"href":"https:\/\/memoriaferroviaria.assis.unesp.br\/colecoes\/wp-json\/wp\/v2\/tnc_col_9388_item\/38378","targetHints":{"allow":["GET"]}}],"collection":[{"href":"https:\/\/memoriaferroviaria.assis.unesp.br\/colecoes\/wp-json\/wp\/v2\/tnc_col_9388_item"}],"about":[{"href":"https:\/\/memoriaferroviaria.assis.unesp.br\/colecoes\/wp-json\/wp\/v2\/types\/tnc_col_9388_item"}],"replies":[{"embeddable":true,"href":"https:\/\/memoriaferroviaria.assis.unesp.br\/colecoes\/wp-json\/wp\/v2\/comments?post=38378"}],"version-history":[{"count":1,"href":"https:\/\/memoriaferroviaria.assis.unesp.br\/colecoes\/wp-json\/wp\/v2\/tnc_col_9388_item\/38378\/revisions"}],"predecessor-version":[{"id":41860,"href":"https:\/\/memoriaferroviaria.assis.unesp.br\/colecoes\/wp-json\/wp\/v2\/tnc_col_9388_item\/38378\/revisions\/41860"}],"wp:featuredmedia":[{"embeddable":true,"href":"https:\/\/memoriaferroviaria.assis.unesp.br\/colecoes\/wp-json\/wp\/v2\/media\/41862"}],"wp:attachment":[{"href":"https:\/\/memoriaferroviaria.assis.unesp.br\/colecoes\/wp-json\/wp\/v2\/media?parent=38378"}],"curies":[{"name":"wp","href":"https:\/\/api.w.org\/{rel}","templated":true}]}}